{"id":110,"date":"2020-11-02T19:06:32","date_gmt":"2020-11-02T19:06:32","guid":{"rendered":"https:\/\/schule3636.ch\/?page_id=110"},"modified":"2026-09-05T04:51:23","modified_gmt":"2026-09-05T04:51:23","slug":"aktuelles","status":"publish","type":"page","link":"https:\/\/schule3636.ch\/index.php\/aktuelles\/","title":{"rendered":"Aktuelles"},"content":{"rendered":"\n<figure class=\"wp-block-image size-large\"><img decoding=\"async\" width=\"1024\" height=\"576\" data-src=\"https:\/\/schule3636.ch\/wp-content\/uploads\/2026\/08\/Blue-and-Yellow-Illustrated-Back-to-School-Presentation-1024x576.jpg\" alt=\"\" class=\"wp-image-3806 lazyload\" data-srcset=\"https:\/\/schule3636.ch\/wp-content\/uploads\/2026\/08\/Blue-and-Yellow-Illustrated-Back-to-School-Presentation-1024x576.jpg 1024w, https:\/\/schule3636.ch\/wp-content\/uploads\/2026\/08\/Blue-and-Yellow-Illustrated-Back-to-School-Presentation-300x169.jpg 300w, https:\/\/schule3636.ch\/wp-content\/uploads\/2026\/08\/Blue-and-Yellow-Illustrated-Back-to-School-Presentation-768x432.jpg 768w, https:\/\/schule3636.ch\/wp-content\/uploads\/2026\/08\/Blue-and-Yellow-Illustrated-Back-to-School-Presentation-1536x864.jpg 1536w, https:\/\/schule3636.ch\/wp-content\/uploads\/2026\/08\/Blue-and-Yellow-Illustrated-Back-to-School-Presentation.jpg 1920w\" data-sizes=\"(max-width: 1024px) 100vw, 1024px\" src=\"data:image\/svg+xml;base64,PHN2ZyB3aWR0aD0iMSIgaGVpZ2h0PSIxIiB4bWxucz0iaHR0cDovL3d3dy53My5vcmcvMjAwMC9zdmciPjwvc3ZnPg==\" style=\"--smush-placeholder-width: 1024px; --smush-placeholder-aspect-ratio: 1024\/576;\" \/><\/figure>\n\n\n\n<div style=\"height:35px\" aria-hidden=\"true\" class=\"wp-block-spacer\"><\/div>\n\n\n\n<div class=\"wp-block-file\"><a id=\"wp-block-file--media-11541708-c8ed-4c34-b236-d0c362e545ab\" href=\"https:\/\/schule3636.ch\/wp-content\/uploads\/2026\/09\/Sporttag_2026.pdf\"><strong>Sporttag_2026<\/strong><\/a><a href=\"https:\/\/schule3636.ch\/wp-content\/uploads\/2026\/09\/Sporttag_2026.pdf\" class=\"wp-block-file__button wp-element-button\" download aria-describedby=\"wp-block-file--media-11541708-c8ed-4c34-b236-d0c362e545ab\">Herunterladen<\/a><\/div>\n\n\n\n<hr class=\"wp-block-separator has-alpha-channel-opacity\"\/>\n\n\n\n<h2 class=\"wp-block-heading\" style=\"font-size:23px\">Fotogalerien<\/h2>\n\n\n\n<p class=\"wp-block-paragraph\"> In der <a href=\"https:\/\/schule3636.ch\/index.php\/galerie\/\">Galerie<\/a> finden Sie immer wieder Fotos von Schulanl\u00e4ssen.<\/p>\n\n\n\n<hr class=\"wp-block-separator has-alpha-channel-opacity\"\/>\n\n\n\n<figure class=\"wp-block-image size-large is-resized is-style-default\"><img decoding=\"async\" width=\"1024\" height=\"611\" data-src=\"https:\/\/schule3636.ch\/wp-content\/uploads\/2022\/09\/IMG_3266-1024x611.jpeg\" alt=\"\" class=\"wp-image-1464 lazyload\" style=\"--smush-placeholder-width: 1024px; --smush-placeholder-aspect-ratio: 1024\/611;aspect-ratio:1.6759218961087607;width:601px;height:auto\" data-srcset=\"https:\/\/schule3636.ch\/wp-content\/uploads\/2022\/09\/IMG_3266-1024x611.jpeg 1024w, https:\/\/schule3636.ch\/wp-content\/uploads\/2022\/09\/IMG_3266-300x179.jpeg 300w, https:\/\/schule3636.ch\/wp-content\/uploads\/2022\/09\/IMG_3266-768x458.jpeg 768w, https:\/\/schule3636.ch\/wp-content\/uploads\/2022\/09\/IMG_3266-1536x917.jpeg 1536w, https:\/\/schule3636.ch\/wp-content\/uploads\/2022\/09\/IMG_3266-2048x1223.jpeg 2048w\" data-sizes=\"(max-width: 1024px) 100vw, 1024px\" src=\"data:image\/svg+xml;base64,PHN2ZyB3aWR0aD0iMSIgaGVpZ2h0PSIxIiB4bWxucz0iaHR0cDovL3d3dy53My5vcmcvMjAwMC9zdmciPjwvc3ZnPg==\" \/><\/figure>\n\n\n\n<div class=\"wp-block-buttons is-layout-flex wp-block-buttons-is-layout-flex\"><\/div>\n\n\n\n<h3 id=\"01-08-2021-fit4future-gesundheitsforderung-an-unserer-schule\" class=\"wp-block-heading\">August 2026: &#8222;fit4future&#8220; &#8211; Gesundheitsf\u00f6rderung an unserer Schule<\/h3>\n\n\n\n<p class=\"wp-block-paragraph\">Unserer Schule ist es ein Anliegen, sich f\u00fcr die Gesundheit der Sch\u00fclerinnen und Sch\u00fcler zu engagieren. Deshalb machen wir bei \u00ab<a href=\"https:\/\/www.fit-4-future.ch\/de\/an-der-schule.html\" target=\"_blank\" rel=\"noreferrer noopener\">fit4future<\/a>\u00bb mit. Das nationale Programm bietet Primarschulen ein tolles Angebot zu den Themen Bewegung, Ern\u00e4hrung und Brainfitness. Ob Klassen-Kochkurse, Bewegungstage, Workshops, Lehrer-Weiterbildungen, Elternabende, Bewegungsmaterialien oder Unterrichtsinputs: Das vielf\u00e4ltige Angebot ist kostenlos und leistet einen wertvollen Beitrag, Kinder spielerisch zu einem bewegten, gesunden Lebensstil zu motivieren.&nbsp;<\/p>\n\n\n\n<p class=\"wp-block-paragraph\">Pfannenfertige Spielideen und wertvolle Informationen f\u00fcr einen gesunden Alltag gibt\u2019s \u00fcbrigens auch im monatlichen \u00abfit4future\u00bb Input:&nbsp;<a href=\"https:\/\/www.fit-4-future.ch\/de\/input_abonnieren.html\" target=\"_blank\" rel=\"noreferrer noopener\">Anmeldung<\/a><\/p>\n\n\n\n<figure class=\"wp-block-image size-medium\"><img decoding=\"async\" width=\"297\" height=\"300\" data-src=\"https:\/\/schule3636.ch\/wp-content\/uploads\/2021\/07\/f4f_Buttom_wir_sind_f4f_de-297x300.png\" alt=\"\" class=\"wp-image-842 lazyload\" data-srcset=\"https:\/\/schule3636.ch\/wp-content\/uploads\/2021\/07\/f4f_Buttom_wir_sind_f4f_de-297x300.png 297w, https:\/\/schule3636.ch\/wp-content\/uploads\/2021\/07\/f4f_Buttom_wir_sind_f4f_de-768x776.png 768w, https:\/\/schule3636.ch\/wp-content\/uploads\/2021\/07\/f4f_Buttom_wir_sind_f4f_de-70x70.png 70w, https:\/\/schule3636.ch\/wp-content\/uploads\/2021\/07\/f4f_Buttom_wir_sind_f4f_de-125x125.png 125w, https:\/\/schule3636.ch\/wp-content\/uploads\/2021\/07\/f4f_Buttom_wir_sind_f4f_de.png 990w\" data-sizes=\"(max-width: 297px) 100vw, 297px\" src=\"data:image\/svg+xml;base64,PHN2ZyB3aWR0aD0iMSIgaGVpZ2h0PSIxIiB4bWxucz0iaHR0cDovL3d3dy53My5vcmcvMjAwMC9zdmciPjwvc3ZnPg==\" style=\"--smush-placeholder-width: 297px; --smush-placeholder-aspect-ratio: 297\/300;\" \/><\/figure>\n\n\n\n<hr class=\"wp-block-separator has-css-opacity\"\/>\n","protected":false},"excerpt":{"rendered":"<p>Fotogalerien In der Galerie finden Sie immer wieder Fotos von Schulanl\u00e4ssen. August 2026: &#8222;fit4future&#8220; &#8211; Gesundheitsf\u00f6rderung an unserer Schule Unserer &hellip; <\/p>\n","protected":false},"author":1,"featured_media":0,"parent":0,"menu_order":0,"comment_status":"closed","ping_status":"closed","template":"","meta":{"footnotes":""},"class_list":["post-110","page","type-page","status-publish","hentry"],"yoast_head":"<!-- This site is optimized with the Yoast SEO plugin v28.4 - https:\/\/yoast.com\/product\/yoast-seo-wordpress\/ -->\n<title>Aktuelles - Primarschule Forst-L\u00e4ngenb\u00fchl<\/title>\n<meta name=\"description\" content=\"Aktuelle Informationen rund um den Schulbetrieb.\" \/>\n<meta name=\"robots\" content=\"index, follow, max-snippet:-1, max-image-preview:large, max-video-preview:-1\" \/>\n<link rel=\"canonical\" href=\"https:\/\/schule3636.ch\/index.php\/aktuelles\/\" \/>\n<meta property=\"og:locale\" content=\"de_DE\" \/>\n<meta property=\"og:type\" content=\"article\" \/>\n<meta property=\"og:title\" content=\"Aktuelles - Primarschule Forst-L\u00e4ngenb\u00fchl\" \/>\n<meta property=\"og:description\" content=\"Aktuelle Informationen rund um den Schulbetrieb.\" \/>\n<meta property=\"og:url\" content=\"https:\/\/schule3636.ch\/index.php\/aktuelles\/\" \/>\n<meta property=\"og:site_name\" content=\"Primarschule Forst-L\u00e4ngenb\u00fchl\" \/>\n<meta property=\"article:modified_time\" content=\"2026-09-05T04:51:23+00:00\" \/>\n<meta property=\"og:image\" content=\"https:\/\/schule3636.ch\/wp-content\/uploads\/2026\/08\/Blue-and-Yellow-Illustrated-Back-to-School-Presentation.jpg\" \/>\n\t<meta property=\"og:image:width\" content=\"1920\" \/>\n\t<meta property=\"og:image:height\" content=\"1080\" \/>\n\t<meta property=\"og:image:type\" content=\"image\/jpeg\" \/>\n<meta name=\"twitter:card\" content=\"summary_large_image\" \/>\n<meta name=\"twitter:label1\" content=\"Gesch\u00e4tzte Lesezeit\" \/>\n\t<meta name=\"twitter:data1\" content=\"2\u00a0Minuten\" \/>\n<script type=\"application\/ld+json\" class=\"yoast-schema-graph\">{\"@context\":\"https:\\\/\\\/schema.org\",\"@graph\":[{\"@type\":\"WebPage\",\"@id\":\"https:\\\/\\\/schule3636.ch\\\/index.php\\\/aktuelles\\\/\",\"url\":\"https:\\\/\\\/schule3636.ch\\\/index.php\\\/aktuelles\\\/\",\"name\":\"Aktuelles - Primarschule Forst-L\u00e4ngenb\u00fchl\",\"isPartOf\":{\"@id\":\"https:\\\/\\\/schule3636.ch\\\/#website\"},\"primaryImageOfPage\":{\"@id\":\"https:\\\/\\\/schule3636.ch\\\/index.php\\\/aktuelles\\\/#primaryimage\"},\"image\":{\"@id\":\"https:\\\/\\\/schule3636.ch\\\/index.php\\\/aktuelles\\\/#primaryimage\"},\"thumbnailUrl\":\"https:\\\/\\\/schule3636.ch\\\/wp-content\\\/uploads\\\/2026\\\/08\\\/Blue-and-Yellow-Illustrated-Back-to-School-Presentation-1024x576.jpg\",\"datePublished\":\"2020-11-02T19:06:32+00:00\",\"dateModified\":\"2026-09-05T04:51:23+00:00\",\"description\":\"Aktuelle Informationen rund um den Schulbetrieb.\",\"breadcrumb\":{\"@id\":\"https:\\\/\\\/schule3636.ch\\\/index.php\\\/aktuelles\\\/#breadcrumb\"},\"inLanguage\":\"de\",\"potentialAction\":[{\"@type\":\"ReadAction\",\"target\":[\"https:\\\/\\\/schule3636.ch\\\/index.php\\\/aktuelles\\\/\"]}]},{\"@type\":\"ImageObject\",\"inLanguage\":\"de\",\"@id\":\"https:\\\/\\\/schule3636.ch\\\/index.php\\\/aktuelles\\\/#primaryimage\",\"url\":\"https:\\\/\\\/schule3636.ch\\\/wp-content\\\/uploads\\\/2026\\\/08\\\/Blue-and-Yellow-Illustrated-Back-to-School-Presentation.jpg\",\"contentUrl\":\"https:\\\/\\\/schule3636.ch\\\/wp-content\\\/uploads\\\/2026\\\/08\\\/Blue-and-Yellow-Illustrated-Back-to-School-Presentation.jpg\",\"width\":1920,\"height\":1080},{\"@type\":\"BreadcrumbList\",\"@id\":\"https:\\\/\\\/schule3636.ch\\\/index.php\\\/aktuelles\\\/#breadcrumb\",\"itemListElement\":[{\"@type\":\"ListItem\",\"position\":1,\"name\":\"Home\",\"item\":\"https:\\\/\\\/schule3636.ch\\\/\"},{\"@type\":\"ListItem\",\"position\":2,\"name\":\"Aktuelles\"}]},{\"@type\":\"WebSite\",\"@id\":\"https:\\\/\\\/schule3636.ch\\\/#website\",\"url\":\"https:\\\/\\\/schule3636.ch\\\/\",\"name\":\"Primarschule Forst-L\u00e4ngenb\u00fchl\",\"description\":\"\",\"publisher\":{\"@id\":\"https:\\\/\\\/schule3636.ch\\\/#organization\"},\"potentialAction\":[{\"@type\":\"SearchAction\",\"target\":{\"@type\":\"EntryPoint\",\"urlTemplate\":\"https:\\\/\\\/schule3636.ch\\\/?s={search_term_string}\"},\"query-input\":{\"@type\":\"PropertyValueSpecification\",\"valueRequired\":true,\"valueName\":\"search_term_string\"}}],\"inLanguage\":\"de\"},{\"@type\":\"Organization\",\"@id\":\"https:\\\/\\\/schule3636.ch\\\/#organization\",\"name\":\"Primarschule Forst-L\u00e4ngenb\u00fchl\",\"url\":\"https:\\\/\\\/schule3636.ch\\\/\",\"logo\":{\"@type\":\"ImageObject\",\"inLanguage\":\"de\",\"@id\":\"https:\\\/\\\/schule3636.ch\\\/#\\\/schema\\\/logo\\\/image\\\/\",\"url\":\"https:\\\/\\\/schule3636.ch\\\/wp-content\\\/uploads\\\/2020\\\/11\\\/cropped-cropped-cropped-Unbenannt.png\",\"contentUrl\":\"https:\\\/\\\/schule3636.ch\\\/wp-content\\\/uploads\\\/2020\\\/11\\\/cropped-cropped-cropped-Unbenannt.png\",\"width\":218,\"height\":86,\"caption\":\"Primarschule Forst-L\u00e4ngenb\u00fchl\"},\"image\":{\"@id\":\"https:\\\/\\\/schule3636.ch\\\/#\\\/schema\\\/logo\\\/image\\\/\"}}]}<\/script>\n<!-- \/ Yoast SEO plugin. -->","yoast_head_json":{"title":"Aktuelles - Primarschule Forst-L\u00e4ngenb\u00fchl","description":"Aktuelle Informationen rund um den Schulbetrieb.","robots":{"index":"index","follow":"follow","max-snippet":"max-snippet:-1","max-image-preview":"max-image-preview:large","max-video-preview":"max-video-preview:-1"},"canonical":"https:\/\/schule3636.ch\/index.php\/aktuelles\/","og_locale":"de_DE","og_type":"article","og_title":"Aktuelles - Primarschule Forst-L\u00e4ngenb\u00fchl","og_description":"Aktuelle Informationen rund um den Schulbetrieb.","og_url":"https:\/\/schule3636.ch\/index.php\/aktuelles\/","og_site_name":"Primarschule Forst-L\u00e4ngenb\u00fchl","article_modified_time":"2026-09-05T04:51:23+00:00","og_image":[{"width":1920,"height":1080,"url":"https:\/\/schule3636.ch\/wp-content\/uploads\/2026\/08\/Blue-and-Yellow-Illustrated-Back-to-School-Presentation.jpg","type":"image\/jpeg"}],"twitter_card":"summary_large_image","twitter_misc":{"Gesch\u00e4tzte Lesezeit":"2\u00a0Minuten"},"schema":{"@context":"https:\/\/schema.org","@graph":[{"@type":"WebPage","@id":"https:\/\/schule3636.ch\/index.php\/aktuelles\/","url":"https:\/\/schule3636.ch\/index.php\/aktuelles\/","name":"Aktuelles - Primarschule Forst-L\u00e4ngenb\u00fchl","isPartOf":{"@id":"https:\/\/schule3636.ch\/#website"},"primaryImageOfPage":{"@id":"https:\/\/schule3636.ch\/index.php\/aktuelles\/#primaryimage"},"image":{"@id":"https:\/\/schule3636.ch\/index.php\/aktuelles\/#primaryimage"},"thumbnailUrl":"https:\/\/schule3636.ch\/wp-content\/uploads\/2026\/08\/Blue-and-Yellow-Illustrated-Back-to-School-Presentation-1024x576.jpg","datePublished":"2020-11-02T19:06:32+00:00","dateModified":"2026-09-05T04:51:23+00:00","description":"Aktuelle Informationen rund um den Schulbetrieb.","breadcrumb":{"@id":"https:\/\/schule3636.ch\/index.php\/aktuelles\/#breadcrumb"},"inLanguage":"de","potentialAction":[{"@type":"ReadAction","target":["https:\/\/schule3636.ch\/index.php\/aktuelles\/"]}]},{"@type":"ImageObject","inLanguage":"de","@id":"https:\/\/schule3636.ch\/index.php\/aktuelles\/#primaryimage","url":"https:\/\/schule3636.ch\/wp-content\/uploads\/2026\/08\/Blue-and-Yellow-Illustrated-Back-to-School-Presentation.jpg","contentUrl":"https:\/\/schule3636.ch\/wp-content\/uploads\/2026\/08\/Blue-and-Yellow-Illustrated-Back-to-School-Presentation.jpg","width":1920,"height":1080},{"@type":"BreadcrumbList","@id":"https:\/\/schule3636.ch\/index.php\/aktuelles\/#breadcrumb","itemListElement":[{"@type":"ListItem","position":1,"name":"Home","item":"https:\/\/schule3636.ch\/"},{"@type":"ListItem","position":2,"name":"Aktuelles"}]},{"@type":"WebSite","@id":"https:\/\/schule3636.ch\/#website","url":"https:\/\/schule3636.ch\/","name":"Primarschule Forst-L\u00e4ngenb\u00fchl","description":"","publisher":{"@id":"https:\/\/schule3636.ch\/#organization"},"potentialAction":[{"@type":"SearchAction","target":{"@type":"EntryPoint","urlTemplate":"https:\/\/schule3636.ch\/?s={search_term_string}"},"query-input":{"@type":"PropertyValueSpecification","valueRequired":true,"valueName":"search_term_string"}}],"inLanguage":"de"},{"@type":"Organization","@id":"https:\/\/schule3636.ch\/#organization","name":"Primarschule Forst-L\u00e4ngenb\u00fchl","url":"https:\/\/schule3636.ch\/","logo":{"@type":"ImageObject","inLanguage":"de","@id":"https:\/\/schule3636.ch\/#\/schema\/logo\/image\/","url":"https:\/\/schule3636.ch\/wp-content\/uploads\/2020\/11\/cropped-cropped-cropped-Unbenannt.png","contentUrl":"https:\/\/schule3636.ch\/wp-content\/uploads\/2020\/11\/cropped-cropped-cropped-Unbenannt.png","width":218,"height":86,"caption":"Primarschule Forst-L\u00e4ngenb\u00fchl"},"image":{"@id":"https:\/\/schule3636.ch\/#\/schema\/logo\/image\/"}}]}},"_links":{"self":[{"href":"https:\/\/schule3636.ch\/index.php\/wp-json\/wp\/v2\/pages\/110","targetHints":{"allow":["GET"]}}],"collection":[{"href":"https:\/\/schule3636.ch\/index.php\/wp-json\/wp\/v2\/pages"}],"about":[{"href":"https:\/\/schule3636.ch\/index.php\/wp-json\/wp\/v2\/types\/page"}],"author":[{"embeddable":true,"href":"https:\/\/schule3636.ch\/index.php\/wp-json\/wp\/v2\/users\/1"}],"replies":[{"embeddable":true,"href":"https:\/\/schule3636.ch\/index.php\/wp-json\/wp\/v2\/comments?post=110"}],"version-history":[{"count":73,"href":"https:\/\/schule3636.ch\/index.php\/wp-json\/wp\/v2\/pages\/110\/revisions"}],"predecessor-version":[{"id":3861,"href":"https:\/\/schule3636.ch\/index.php\/wp-json\/wp\/v2\/pages\/110\/revisions\/3861"}],"wp:attachment":[{"href":"https:\/\/schule3636.ch\/index.php\/wp-json\/wp\/v2\/media?parent=110"}],"curies":[{"name":"wp","href":"https:\/\/api.w.org\/{rel}","templated":true}]}}