{"id":274,"date":"2020-11-22T11:52:18","date_gmt":"2020-11-22T11:52:18","guid":{"rendered":"https:\/\/schule3636.ch\/?page_id=274"},"modified":"2026-08-18T12:03:35","modified_gmt":"2026-08-18T12:03:35","slug":"spezialunterricht","status":"publish","type":"page","link":"https:\/\/schule3636.ch\/index.php\/spezialunterricht\/","title":{"rendered":"Spezialunterricht"},"content":{"rendered":"\n<figure class=\"wp-block-table is-style-stripes\"><table><tbody><tr><td><strong>Integrative F\u00f6rderung (IF)<\/strong><\/td><td><strong>Logop\u00e4die<\/strong><\/td><td><strong>Psychomotorik<\/strong><\/td><\/tr><tr><td>Maria Reuteler (KG, 3. &#8211; 6. Kl)<\/td><td>Deborah Thierstein<\/td><td>Karin Brencs<\/td><\/tr><tr><td><a href=\"mailto:m.reuteler@schule3636.ch\">m.reuteler@schule3636.ch<\/a><\/td><td><a href=\"mailto:d.thierstein@schule3636.ch\">d.thierstein@schule3636.ch<\/a><\/td><td><a href=\"mailto:k.brencs@schuleseftigen.ch\">k.brencs@schuleseftigen.ch<\/a><\/td><\/tr><tr><td>Amanda Krebs (1.\/2. Kl)<\/td><td><\/td><td><\/td><\/tr><tr><td><a href=\"mailto:amanda.krebs@schulewattenwil.ch\">amanda.krebs@schulewattenwil.ch<\/a><\/td><td><\/td><td><\/td><\/tr><tr><td>Petra Fritsch (5.\/6. Kl)<\/td><td><\/td><td><\/td><\/tr><tr><td><a href=\"mailto:p.fritsch@schule3636.ch\">p.fritsch@schule3636.ch<\/a><\/td><td><\/td><td><\/td><\/tr><tr><td>Nina H\u00e4uptli (BVSA 4.\/5. Kl)<\/td><td><\/td><td><\/td><\/tr><tr><td><a href=\"mailto:n.haeuptli@schule3636.ch\">n.haeuptli@schule3636.ch<\/a><\/td><td><\/td><td><\/td><\/tr><tr><td>Regula Schneiter (BVSA KG)<br><\/td><td><\/td><td><\/td><\/tr><\/tbody><\/table><\/figure>\n\n\n\n<hr class=\"wp-block-separator has-alpha-channel-opacity\"\/>\n\n\n\n<div class=\"wp-block-file\"><a id=\"wp-block-file--media-b14195b0-5db7-4e71-b1a0-893d9452db59\" href=\"https:\/\/schule3636.ch\/wp-content\/uploads\/2024\/09\/SPU_Flyer_Forst-Laengenbuehl.pdf\">Flyer Spezialunterricht<\/a><a href=\"https:\/\/schule3636.ch\/wp-content\/uploads\/2024\/09\/SPU_Flyer_Forst-Laengenbuehl.pdf\" class=\"wp-block-file__button wp-element-button\" download aria-describedby=\"wp-block-file--media-b14195b0-5db7-4e71-b1a0-893d9452db59\">Herunterladen<\/a><\/div>\n\n\n\n<hr class=\"wp-block-separator has-alpha-channel-opacity\"\/>\n\n\n\n<div class=\"wp-block-group\"><div class=\"wp-block-group__inner-container is-layout-flow wp-block-group-is-layout-flow\">\n<div class=\"wp-block-media-text alignwide is-stacked-on-mobile\" style=\"grid-template-columns:26% auto\"><figure class=\"wp-block-media-text__media\"><img decoding=\"async\" width=\"1024\" height=\"1024\" data-src=\"https:\/\/schule3636.ch\/wp-content\/uploads\/2021\/01\/cropped-pexels-pixabay-159644-1024x1024.jpg\" alt=\"\" class=\"wp-image-386 size-full lazyload\" data-srcset=\"https:\/\/schule3636.ch\/wp-content\/uploads\/2021\/01\/cropped-pexels-pixabay-159644-1024x1024.jpg 1024w, https:\/\/schule3636.ch\/wp-content\/uploads\/2021\/01\/cropped-pexels-pixabay-159644-300x300.jpg 300w, https:\/\/schule3636.ch\/wp-content\/uploads\/2021\/01\/cropped-pexels-pixabay-159644-150x150.jpg 150w, https:\/\/schule3636.ch\/wp-content\/uploads\/2021\/01\/cropped-pexels-pixabay-159644-768x768.jpg 768w, https:\/\/schule3636.ch\/wp-content\/uploads\/2021\/01\/cropped-pexels-pixabay-159644.jpg 1274w\" data-sizes=\"(max-width: 1024px) 100vw, 1024px\" src=\"data:image\/svg+xml;base64,PHN2ZyB3aWR0aD0iMSIgaGVpZ2h0PSIxIiB4bWxucz0iaHR0cDovL3d3dy53My5vcmcvMjAwMC9zdmciPjwvc3ZnPg==\" style=\"--smush-placeholder-width: 1024px; --smush-placeholder-aspect-ratio: 1024\/1024;\" \/><\/figure><div class=\"wp-block-media-text__content\">\n<h3 class=\"wp-block-heading\">Integrative F\u00f6rderung (IF)<\/h3>\n\n\n\n<p class=\"wp-block-paragraph\">Dank der integrativen F\u00f6rderung k\u00f6nnen Sch\u00fclerinnen und Sch\u00fcler mit Lern-, Entwicklungs- oder Verhaltensschwierigkeiten die Regelklasse besuchen. Die Schulischen Heilp\u00e4dagogen und Heilp\u00e4dagoginnen unterst\u00fctzen die Lehrpersonen entweder im Regelunterricht integriert oder in Form von Gruppenunterricht ausserhalb der Klasse.<\/p>\n\n\n\n<p class=\"wp-block-paragraph\">Im Kindergarten liegt der Schwerpunkt der integrativen F\u00f6rderung insbesondere darauf, Entwicklungsverz\u00f6gerungen zu erkennen und die Lernvoraussetzungen f\u00fcr einen gelingenden Schuleintritt zu schaffen. Die gr\u00f6sste Wirksamkeit erzielt die IF bei gelingender Zusammenarbeit zwischen den Regellehrpersonen, heilp\u00e4dagogischen Lehrpersonen und Eltern.<\/p>\n<\/div><\/div>\n\n\n\n<div class=\"wp-block-media-text alignwide is-stacked-on-mobile\" style=\"grid-template-columns:26% auto\"><figure class=\"wp-block-media-text__media\"><img decoding=\"async\" width=\"354\" height=\"355\" data-src=\"https:\/\/schule3636.ch\/wp-content\/uploads\/2021\/06\/41gKs3eALBL._AC_SY355_.jpg\" alt=\"\" class=\"wp-image-707 size-full lazyload\" data-srcset=\"https:\/\/schule3636.ch\/wp-content\/uploads\/2021\/06\/41gKs3eALBL._AC_SY355_.jpg 354w, https:\/\/schule3636.ch\/wp-content\/uploads\/2021\/06\/41gKs3eALBL._AC_SY355_-300x300.jpg 300w, https:\/\/schule3636.ch\/wp-content\/uploads\/2021\/06\/41gKs3eALBL._AC_SY355_-150x150.jpg 150w, https:\/\/schule3636.ch\/wp-content\/uploads\/2021\/06\/41gKs3eALBL._AC_SY355_-70x70.jpg 70w, https:\/\/schule3636.ch\/wp-content\/uploads\/2021\/06\/41gKs3eALBL._AC_SY355_-246x246.jpg 246w, https:\/\/schule3636.ch\/wp-content\/uploads\/2021\/06\/41gKs3eALBL._AC_SY355_-276x276.jpg 276w, https:\/\/schule3636.ch\/wp-content\/uploads\/2021\/06\/41gKs3eALBL._AC_SY355_-125x125.jpg 125w\" data-sizes=\"(max-width: 354px) 100vw, 354px\" src=\"data:image\/svg+xml;base64,PHN2ZyB3aWR0aD0iMSIgaGVpZ2h0PSIxIiB4bWxucz0iaHR0cDovL3d3dy53My5vcmcvMjAwMC9zdmciPjwvc3ZnPg==\" style=\"--smush-placeholder-width: 354px; --smush-placeholder-aspect-ratio: 354\/355;\" \/><\/figure><div class=\"wp-block-media-text__content\">\n<h3 class=\"wp-block-heading\">Logop\u00e4die<\/h3>\n\n\n\n<p class=\"wp-block-paragraph\">&#8222;Logop\u00e4die befasst sich mit St\u00f6rungen der Kommunikation, der Sprache, des Sprechens, des Redeflusses, der Stimme, des Schluckens, der Schriftsprache (Lesen u. Schreiben) und des mathematischen Verst\u00e4ndnisses. Logop\u00e4die umfasst Diagnostik,<br>Therapie, Beratung, Pr\u00e4vention. Logop\u00e4die ist eine p\u00e4dagogisch-therapeutische oder eine medizinisch-therapeutische Massnahme<strong>.&#8220;<\/strong><\/p>\n\n\n\n<p class=\"wp-block-paragraph\">Deutschschweizer Logop\u00e4dinnen- und Logop\u00e4denverband: <a href=\"http:\/\/logopaedie.ch\">logopaedie.ch<\/a><\/p>\n<\/div><\/div>\n\n\n\n<div class=\"wp-block-media-text alignwide is-stacked-on-mobile\" style=\"grid-template-columns:26% auto\"><figure class=\"wp-block-media-text__media\"><img decoding=\"async\" width=\"1024\" height=\"1024\" data-src=\"https:\/\/schule3636.ch\/wp-content\/uploads\/2021\/01\/cropped-pexels-cottonbro-3662629-scaled-1-1024x1024.jpg\" alt=\"\" class=\"wp-image-380 size-full lazyload\" data-srcset=\"https:\/\/schule3636.ch\/wp-content\/uploads\/2021\/01\/cropped-pexels-cottonbro-3662629-scaled-1-1024x1024.jpg 1024w, https:\/\/schule3636.ch\/wp-content\/uploads\/2021\/01\/cropped-pexels-cottonbro-3662629-scaled-1-300x300.jpg 300w, https:\/\/schule3636.ch\/wp-content\/uploads\/2021\/01\/cropped-pexels-cottonbro-3662629-scaled-1-150x150.jpg 150w, https:\/\/schule3636.ch\/wp-content\/uploads\/2021\/01\/cropped-pexels-cottonbro-3662629-scaled-1-768x768.jpg 768w, https:\/\/schule3636.ch\/wp-content\/uploads\/2021\/01\/cropped-pexels-cottonbro-3662629-scaled-1-1536x1536.jpg 1536w, https:\/\/schule3636.ch\/wp-content\/uploads\/2021\/01\/cropped-pexels-cottonbro-3662629-scaled-1.jpg 1705w\" data-sizes=\"(max-width: 1024px) 100vw, 1024px\" src=\"data:image\/svg+xml;base64,PHN2ZyB3aWR0aD0iMSIgaGVpZ2h0PSIxIiB4bWxucz0iaHR0cDovL3d3dy53My5vcmcvMjAwMC9zdmciPjwvc3ZnPg==\" style=\"--smush-placeholder-width: 1024px; --smush-placeholder-aspect-ratio: 1024\/1024;\" \/><\/figure><div class=\"wp-block-media-text__content\">\n<h3 class=\"wp-block-heading\">Psychomotorik<\/h3>\n\n\n\n<p class=\"wp-block-paragraph\">&#8222;Kinder mit Ungeschicktheit, Verhaltensauff\u00e4lligkeiten, Aufmerksamkeitsst\u00f6rungen oder anderen psychischen oder motorischen Schwierigkeiten erleben oft Misserfolge. Diese k\u00f6nnen sich negativ auf ihr Selbstwertgef\u00fchl auswirken. In der<br>Psychomotoriktherapie k\u00f6nnen die betroffenen Kinder und Jugendlichen spielerisch Erfahrungen sammeln, Strategien aufbauen und einen Umgang mit Misserfolgen lernen. Sie k\u00f6nnen Entwicklungsschritte nachholen und ihre motorischen oder<br>sozial-emotionalen F\u00e4higkeiten ausbauen. Die nahen Bezugspersonen werden in den Prozess einbezogen.&#8220; <\/p>\n\n\n\n<p class=\"wp-block-paragraph\">psychomotorik schweiz: <a href=\"http:\/\/psychomotorik-schweiz.ch\" target=\"_blank\" rel=\"noreferrer noopener\">psychomotorik-schweiz.ch<\/a><\/p>\n<\/div><\/div>\n<\/div><\/div>\n\n\n<div class=\"style-251 style-local-274-c1 position-relative\" data-colibri-id=\"274-c1\">\n<div id=\"custom-2\" class=\"h-section h-section-global-spacing d-flex align-items-lg-center align-items-md-center align-items-center style-266 style-local-274-c2 position-relative\" data-colibri-component=\"section\" data-colibri-id=\"274-c2\">\n<\/div>\n<\/div>\n\n\n<h2 class=\"wp-block-heading\" style=\"font-size:23px\">Sozialarbeit an der Schule<\/h2>\n\n\n\n<p class=\"wp-block-paragraph\">Mona Schumacher stellt sich vor: <\/p>\n\n\n\n<div class=\"wp-block-group\"><div class=\"wp-block-group__inner-container is-layout-constrained wp-block-group-is-layout-constrained\">\n<p class=\"wp-block-paragraph\"><em>Ich h\u00f6re zu, berate, unterst\u00fctze, vermittle und vernetze bei Bedarf mit geeigneten Fachstellen. Die Gespr\u00e4che sind vertraulich und finden im Schulhaus, in meinem B\u00fcro oder bei Ihnen zuhause statt. Das Angebot ist neutral und kostenlos.<\/em><\/p>\n\n\n\n<p class=\"wp-block-paragraph\"><strong><em>Liebe Sch\u00fclerin, lieber Sch\u00fcler<\/em><\/strong><\/p>\n\n\n\n<p class=\"wp-block-paragraph\"><em>Als Sozialarbeiterin an der Schule Blumenstein bin ich da, wenn<br>\u2026 du in einer Situation bist, die dich traurig macht.<br>\u2026 du eine Frage hast, die dich besch\u00e4ftigt.<br>\u2026 du Streit mit einer Kollegin oder einem Kollegen hast.<br>\u2026 du Probleme mit einer erwachsenen Person hast.<br>\u2026 dich jemand plagt oder wenn du Gewalt erlebst.<\/em><\/p>\n\n\n\n<p class=\"wp-block-paragraph\"><strong><em>Liebe Eltern und Erziehungsbeauftragte<\/em><\/strong><\/p>\n\n\n\n<p class=\"wp-block-paragraph\"><em>Als Sozialarbeiterin an der Schule Blumenstein bin ich f\u00fcr Sie da, wenn<br>\u2026 Sie sich Sorgen um die Entwicklung oder das Verhalten Ihres Kindes machen.<br>\u2026 Sie sich in einer Situation befinden, welche die Familie belastet.<br>\u2026 Sie Fragen zu Themen wie Konflikten, Erziehung, Betreuung, Motivation, Mobbing, Finanzen oder Sucht haben.<\/em><\/p>\n\n\n\n<p class=\"wp-block-paragraph\"><em>Sch\u00fclerinnen und Sch\u00fcler k\u00f6nnen sich jederzeit \u00fcber die Klassenlehrperson, \u00fcber die Eltern oder auch direkt f\u00fcr einen Termin melden. Die Eltern melden sich direkt beim Sozialdienst Wattenwil unter Telefon 033 359 59 69 f\u00fcr einen Termin.<\/em><\/p>\n\n\n\n<div data-wp-interactive=\"core\/file\" class=\"wp-block-file\"><object data-wp-bind--hidden=\"!state.hasPdfPreview\" hidden class=\"wp-block-file__embed\" data=\"https:\/\/schule3636.ch\/wp-content\/uploads\/2026\/02\/Sozialarbeit-an-der-Schule-Elterninfo.pdf\" type=\"application\/pdf\" style=\"width:100%;height:600px\" aria-label=\"Einbettung von Sozialarbeit an der Schule_Elterninfo.\"><\/object><a id=\"wp-block-file--media-1e5270f4-d79d-4170-ada2-f70989cf3412\" href=\"https:\/\/schule3636.ch\/wp-content\/uploads\/2026\/02\/Sozialarbeit-an-der-Schule-Elterninfo.pdf\">Sozialarbeit an der Schule_Elterninfo<\/a><a href=\"https:\/\/schule3636.ch\/wp-content\/uploads\/2026\/02\/Sozialarbeit-an-der-Schule-Elterninfo.pdf\" class=\"wp-block-file__button wp-element-button\" download aria-describedby=\"wp-block-file--media-1e5270f4-d79d-4170-ada2-f70989cf3412\">Herunterladen<\/a><\/div>\n\n\n\n<hr class=\"wp-block-separator has-alpha-channel-opacity\"\/>\n<\/div><\/div>\n\n\n\n<p class=\"wp-block-paragraph\"><\/p>\n","protected":false},"excerpt":{"rendered":"<p>Integrative F\u00f6rderung (IF) Logop\u00e4die Psychomotorik Maria Reuteler (KG, 3. &#8211; 6. Kl) Deborah Thierstein Karin Brencs m.reuteler@schule3636.ch d.thierstein@schule3636.ch k.brencs@schuleseftigen.ch Amanda &hellip; <\/p>\n","protected":false},"author":1,"featured_media":0,"parent":0,"menu_order":0,"comment_status":"closed","ping_status":"closed","template":"","meta":{"footnotes":""},"class_list":["post-274","page","type-page","status-publish","hentry"],"yoast_head":"<!-- This site is optimized with the Yoast SEO plugin v28.4 - https:\/\/yoast.com\/product\/yoast-seo-wordpress\/ -->\n<title>Spezialunterricht - Primarschule Forst-L\u00e4ngenb\u00fchl<\/title>\n<meta name=\"robots\" content=\"index, follow, max-snippet:-1, max-image-preview:large, max-video-preview:-1\" \/>\n<link rel=\"canonical\" href=\"https:\/\/schule3636.ch\/index.php\/spezialunterricht\/\" \/>\n<meta property=\"og:locale\" content=\"de_DE\" \/>\n<meta property=\"og:type\" content=\"article\" \/>\n<meta property=\"og:title\" content=\"Spezialunterricht - Primarschule Forst-L\u00e4ngenb\u00fchl\" \/>\n<meta property=\"og:description\" content=\"Integrative F\u00f6rderung (IF) Logop\u00e4die Psychomotorik Maria Reuteler (KG, 3. &#8211; 6. Kl) Deborah Thierstein Karin Brencs m.reuteler@schule3636.ch d.thierstein@schule3636.ch k.brencs@schuleseftigen.ch Amanda &hellip;\" \/>\n<meta property=\"og:url\" content=\"https:\/\/schule3636.ch\/index.php\/spezialunterricht\/\" \/>\n<meta property=\"og:site_name\" content=\"Primarschule Forst-L\u00e4ngenb\u00fchl\" \/>\n<meta property=\"article:modified_time\" content=\"2026-08-18T12:03:35+00:00\" \/>\n<meta property=\"og:image\" content=\"https:\/\/schule3636.ch\/wp-content\/uploads\/2021\/01\/cropped-pexels-pixabay-159644.jpg\" \/>\n\t<meta property=\"og:image:width\" content=\"1274\" \/>\n\t<meta property=\"og:image:height\" content=\"1274\" \/>\n\t<meta property=\"og:image:type\" content=\"image\/jpeg\" \/>\n<meta name=\"twitter:card\" content=\"summary_large_image\" \/>\n<meta name=\"twitter:label1\" content=\"Gesch\u00e4tzte Lesezeit\" \/>\n\t<meta name=\"twitter:data1\" content=\"3\u00a0Minuten\" \/>\n<script type=\"application\/ld+json\" class=\"yoast-schema-graph\">{\"@context\":\"https:\\\/\\\/schema.org\",\"@graph\":[{\"@type\":\"WebPage\",\"@id\":\"https:\\\/\\\/schule3636.ch\\\/index.php\\\/spezialunterricht\\\/\",\"url\":\"https:\\\/\\\/schule3636.ch\\\/index.php\\\/spezialunterricht\\\/\",\"name\":\"Spezialunterricht - Primarschule Forst-L\u00e4ngenb\u00fchl\",\"isPartOf\":{\"@id\":\"https:\\\/\\\/schule3636.ch\\\/#website\"},\"primaryImageOfPage\":{\"@id\":\"https:\\\/\\\/schule3636.ch\\\/index.php\\\/spezialunterricht\\\/#primaryimage\"},\"image\":{\"@id\":\"https:\\\/\\\/schule3636.ch\\\/index.php\\\/spezialunterricht\\\/#primaryimage\"},\"thumbnailUrl\":\"https:\\\/\\\/schule3636.ch\\\/wp-content\\\/uploads\\\/2021\\\/01\\\/cropped-pexels-pixabay-159644-1024x1024.jpg\",\"datePublished\":\"2020-11-22T11:52:18+00:00\",\"dateModified\":\"2026-08-18T12:03:35+00:00\",\"breadcrumb\":{\"@id\":\"https:\\\/\\\/schule3636.ch\\\/index.php\\\/spezialunterricht\\\/#breadcrumb\"},\"inLanguage\":\"de\",\"potentialAction\":[{\"@type\":\"ReadAction\",\"target\":[\"https:\\\/\\\/schule3636.ch\\\/index.php\\\/spezialunterricht\\\/\"]}]},{\"@type\":\"ImageObject\",\"inLanguage\":\"de\",\"@id\":\"https:\\\/\\\/schule3636.ch\\\/index.php\\\/spezialunterricht\\\/#primaryimage\",\"url\":\"https:\\\/\\\/schule3636.ch\\\/wp-content\\\/uploads\\\/2021\\\/01\\\/cropped-pexels-pixabay-159644.jpg\",\"contentUrl\":\"https:\\\/\\\/schule3636.ch\\\/wp-content\\\/uploads\\\/2021\\\/01\\\/cropped-pexels-pixabay-159644.jpg\",\"width\":1274,\"height\":1274},{\"@type\":\"BreadcrumbList\",\"@id\":\"https:\\\/\\\/schule3636.ch\\\/index.php\\\/spezialunterricht\\\/#breadcrumb\",\"itemListElement\":[{\"@type\":\"ListItem\",\"position\":1,\"name\":\"Home\",\"item\":\"https:\\\/\\\/schule3636.ch\\\/\"},{\"@type\":\"ListItem\",\"position\":2,\"name\":\"Spezialunterricht\"}]},{\"@type\":\"WebSite\",\"@id\":\"https:\\\/\\\/schule3636.ch\\\/#website\",\"url\":\"https:\\\/\\\/schule3636.ch\\\/\",\"name\":\"Primarschule Forst-L\u00e4ngenb\u00fchl\",\"description\":\"\",\"publisher\":{\"@id\":\"https:\\\/\\\/schule3636.ch\\\/#organization\"},\"potentialAction\":[{\"@type\":\"SearchAction\",\"target\":{\"@type\":\"EntryPoint\",\"urlTemplate\":\"https:\\\/\\\/schule3636.ch\\\/?s={search_term_string}\"},\"query-input\":{\"@type\":\"PropertyValueSpecification\",\"valueRequired\":true,\"valueName\":\"search_term_string\"}}],\"inLanguage\":\"de\"},{\"@type\":\"Organization\",\"@id\":\"https:\\\/\\\/schule3636.ch\\\/#organization\",\"name\":\"Primarschule Forst-L\u00e4ngenb\u00fchl\",\"url\":\"https:\\\/\\\/schule3636.ch\\\/\",\"logo\":{\"@type\":\"ImageObject\",\"inLanguage\":\"de\",\"@id\":\"https:\\\/\\\/schule3636.ch\\\/#\\\/schema\\\/logo\\\/image\\\/\",\"url\":\"https:\\\/\\\/schule3636.ch\\\/wp-content\\\/uploads\\\/2020\\\/11\\\/cropped-cropped-cropped-Unbenannt.png\",\"contentUrl\":\"https:\\\/\\\/schule3636.ch\\\/wp-content\\\/uploads\\\/2020\\\/11\\\/cropped-cropped-cropped-Unbenannt.png\",\"width\":218,\"height\":86,\"caption\":\"Primarschule Forst-L\u00e4ngenb\u00fchl\"},\"image\":{\"@id\":\"https:\\\/\\\/schule3636.ch\\\/#\\\/schema\\\/logo\\\/image\\\/\"}}]}<\/script>\n<!-- \/ Yoast SEO plugin. -->","yoast_head_json":{"title":"Spezialunterricht - Primarschule Forst-L\u00e4ngenb\u00fchl","robots":{"index":"index","follow":"follow","max-snippet":"max-snippet:-1","max-image-preview":"max-image-preview:large","max-video-preview":"max-video-preview:-1"},"canonical":"https:\/\/schule3636.ch\/index.php\/spezialunterricht\/","og_locale":"de_DE","og_type":"article","og_title":"Spezialunterricht - Primarschule Forst-L\u00e4ngenb\u00fchl","og_description":"Integrative F\u00f6rderung (IF) Logop\u00e4die Psychomotorik Maria Reuteler (KG, 3. &#8211; 6. Kl) Deborah Thierstein Karin Brencs m.reuteler@schule3636.ch d.thierstein@schule3636.ch k.brencs@schuleseftigen.ch Amanda &hellip;","og_url":"https:\/\/schule3636.ch\/index.php\/spezialunterricht\/","og_site_name":"Primarschule Forst-L\u00e4ngenb\u00fchl","article_modified_time":"2026-08-18T12:03:35+00:00","og_image":[{"width":1274,"height":1274,"url":"https:\/\/schule3636.ch\/wp-content\/uploads\/2021\/01\/cropped-pexels-pixabay-159644.jpg","type":"image\/jpeg"}],"twitter_card":"summary_large_image","twitter_misc":{"Gesch\u00e4tzte Lesezeit":"3\u00a0Minuten"},"schema":{"@context":"https:\/\/schema.org","@graph":[{"@type":"WebPage","@id":"https:\/\/schule3636.ch\/index.php\/spezialunterricht\/","url":"https:\/\/schule3636.ch\/index.php\/spezialunterricht\/","name":"Spezialunterricht - Primarschule Forst-L\u00e4ngenb\u00fchl","isPartOf":{"@id":"https:\/\/schule3636.ch\/#website"},"primaryImageOfPage":{"@id":"https:\/\/schule3636.ch\/index.php\/spezialunterricht\/#primaryimage"},"image":{"@id":"https:\/\/schule3636.ch\/index.php\/spezialunterricht\/#primaryimage"},"thumbnailUrl":"https:\/\/schule3636.ch\/wp-content\/uploads\/2021\/01\/cropped-pexels-pixabay-159644-1024x1024.jpg","datePublished":"2020-11-22T11:52:18+00:00","dateModified":"2026-08-18T12:03:35+00:00","breadcrumb":{"@id":"https:\/\/schule3636.ch\/index.php\/spezialunterricht\/#breadcrumb"},"inLanguage":"de","potentialAction":[{"@type":"ReadAction","target":["https:\/\/schule3636.ch\/index.php\/spezialunterricht\/"]}]},{"@type":"ImageObject","inLanguage":"de","@id":"https:\/\/schule3636.ch\/index.php\/spezialunterricht\/#primaryimage","url":"https:\/\/schule3636.ch\/wp-content\/uploads\/2021\/01\/cropped-pexels-pixabay-159644.jpg","contentUrl":"https:\/\/schule3636.ch\/wp-content\/uploads\/2021\/01\/cropped-pexels-pixabay-159644.jpg","width":1274,"height":1274},{"@type":"BreadcrumbList","@id":"https:\/\/schule3636.ch\/index.php\/spezialunterricht\/#breadcrumb","itemListElement":[{"@type":"ListItem","position":1,"name":"Home","item":"https:\/\/schule3636.ch\/"},{"@type":"ListItem","position":2,"name":"Spezialunterricht"}]},{"@type":"WebSite","@id":"https:\/\/schule3636.ch\/#website","url":"https:\/\/schule3636.ch\/","name":"Primarschule Forst-L\u00e4ngenb\u00fchl","description":"","publisher":{"@id":"https:\/\/schule3636.ch\/#organization"},"potentialAction":[{"@type":"SearchAction","target":{"@type":"EntryPoint","urlTemplate":"https:\/\/schule3636.ch\/?s={search_term_string}"},"query-input":{"@type":"PropertyValueSpecification","valueRequired":true,"valueName":"search_term_string"}}],"inLanguage":"de"},{"@type":"Organization","@id":"https:\/\/schule3636.ch\/#organization","name":"Primarschule Forst-L\u00e4ngenb\u00fchl","url":"https:\/\/schule3636.ch\/","logo":{"@type":"ImageObject","inLanguage":"de","@id":"https:\/\/schule3636.ch\/#\/schema\/logo\/image\/","url":"https:\/\/schule3636.ch\/wp-content\/uploads\/2020\/11\/cropped-cropped-cropped-Unbenannt.png","contentUrl":"https:\/\/schule3636.ch\/wp-content\/uploads\/2020\/11\/cropped-cropped-cropped-Unbenannt.png","width":218,"height":86,"caption":"Primarschule Forst-L\u00e4ngenb\u00fchl"},"image":{"@id":"https:\/\/schule3636.ch\/#\/schema\/logo\/image\/"}}]}},"_links":{"self":[{"href":"https:\/\/schule3636.ch\/index.php\/wp-json\/wp\/v2\/pages\/274","targetHints":{"allow":["GET"]}}],"collection":[{"href":"https:\/\/schule3636.ch\/index.php\/wp-json\/wp\/v2\/pages"}],"about":[{"href":"https:\/\/schule3636.ch\/index.php\/wp-json\/wp\/v2\/types\/page"}],"author":[{"embeddable":true,"href":"https:\/\/schule3636.ch\/index.php\/wp-json\/wp\/v2\/users\/1"}],"replies":[{"embeddable":true,"href":"https:\/\/schule3636.ch\/index.php\/wp-json\/wp\/v2\/comments?post=274"}],"version-history":[{"count":49,"href":"https:\/\/schule3636.ch\/index.php\/wp-json\/wp\/v2\/pages\/274\/revisions"}],"predecessor-version":[{"id":3841,"href":"https:\/\/schule3636.ch\/index.php\/wp-json\/wp\/v2\/pages\/274\/revisions\/3841"}],"wp:attachment":[{"href":"https:\/\/schule3636.ch\/index.php\/wp-json\/wp\/v2\/media?parent=274"}],"curies":[{"name":"wp","href":"https:\/\/api.w.org\/{rel}","templated":true}]}}